{"id":5281,"date":"2020-02-11T09:25:08","date_gmt":"2020-02-11T09:25:08","guid":{"rendered":"https:\/\/www.marinadofunchal.pt\/?page_id=5281"},"modified":"2022-05-24T19:42:30","modified_gmt":"2022-05-24T19:42:30","slug":"incamp","status":"publish","type":"page","link":"https:\/\/www.marinadofunchal.pt\/islandmadeira\/incamp\/","title":{"rendered":"Projeto INCAMP"},"content":{"rendered":"\t\t<div data-elementor-type=\"wp-page\" data-elementor-id=\"5281\" class=\"elementor elementor-5281\">\n\t\t\t\t\t\t<div class=\"elementor-inner\">\n\t\t\t\t<div class=\"elementor-section-wrap\">\n\t\t\t\t\t\t\t\t\t<section class=\"elementor-section elementor-top-section elementor-element elementor-element-5bb19216 elementor-section-boxed elementor-section-height-default elementor-section-height-default sc_fly_static\" data-id=\"5bb19216\" data-element_type=\"section\">\n\t\t\t\t\t\t<div class=\"elementor-container elementor-column-gap-extended\">\n\t\t\t\t\t\t\t<div class=\"elementor-row\">\n\t\t\t\t\t<div class=\"elementor-column elementor-col-100 elementor-top-column elementor-element elementor-element-782079e0 sc_inner_width_none sc_content_align_inherit sc_layouts_column_icons_position_left sc_fly_static\" data-id=\"782079e0\" data-element_type=\"column\">\n\t\t\t<div class=\"elementor-column-wrap elementor-element-populated\">\n\t\t\t\t\t\t\t<div class=\"elementor-widget-wrap\">\n\t\t\t\t\t\t<div class=\"elementor-element elementor-element-53e1ec93 sc_fly_static elementor-widget elementor-widget-text-editor\" data-id=\"53e1ec93\" data-element_type=\"widget\" data-widget_type=\"text-editor.default\">\n\t\t\t\t<div class=\"elementor-widget-container\">\n\t\t\t\t\t\t\t\t<div class=\"elementor-text-editor elementor-clearfix\">\n\t\t\t\t<p><strong>Programa Erasmus+<\/strong><\/p><p><img loading=\"lazy\" decoding=\"async\" class=\" wp-image-5284 alignleft\" src=\"https:\/\/www.marinadofunchal.pt\/islandmadeira\/islandmadeirawp-content\/uploads\/2020\/02\/LogoERASMUS.png\" sizes=\"auto, (max-width: 286px) 100vw, 286px\" srcset=\"https:\/\/www.marinadofunchal.pt\/islandmadeira\/wp-content\/uploads\/2020\/02\/LogoERASMUS.png 610w, https:\/\/www.marinadofunchal.pt\/islandmadeira\/wp-content\/uploads\/2020\/02\/LogoERASMUS-300x86.png 300w, https:\/\/www.marinadofunchal.pt\/islandmadeira\/wp-content\/uploads\/2020\/02\/LogoERASMUS-600x172.png 600w\" alt=\"\" width=\"286\" height=\"82\" \/>O Erasmus+ \u00e9 o programa da UE nos dom\u00ednios da educa\u00e7\u00e3o, da forma\u00e7\u00e3o, da juventude e do desporto para o per\u00edodo de 2014-2020. A educa\u00e7\u00e3o, a forma\u00e7\u00e3o, a juventude e o desporto podem dar uma contribui\u00e7\u00e3o importante para ajudar a enfrentar as mudan\u00e7as socioecon\u00f3micas, os principais desafios que a Europa ter\u00e1 de enfrentar at\u00e9 ao final da d\u00e9cada e apoiar a execu\u00e7\u00e3o da Agenda Pol\u00edtica Europeia para o crescimento, o emprego, a justi\u00e7a social e a inclus\u00e3o.<\/p><p>\u00a0<\/p><p><strong>INCAMP<\/strong><strong> \u2013 Carbon Neutral Management of Sport Marinas International Master Modules Programme<\/strong><\/p><p><a href=\"https:\/\/www.incamp-project.eu\/\" target=\"_blank\" rel=\"noopener\"><img loading=\"lazy\" decoding=\"async\" class=\"alignleft wp-image-5285\" src=\"https:\/\/www.marinadofunchal.pt\/islandmadeira\/islandmadeirawp-content\/uploads\/2020\/02\/LogoINCAMP.png\" sizes=\"auto, (max-width: 267px) 100vw, 267px\" srcset=\"https:\/\/www.marinadofunchal.pt\/islandmadeira\/wp-content\/uploads\/2020\/02\/LogoINCAMP.png 716w, https:\/\/www.marinadofunchal.pt\/islandmadeira\/wp-content\/uploads\/2020\/02\/LogoINCAMP-300x218.png 300w, https:\/\/www.marinadofunchal.pt\/islandmadeira\/wp-content\/uploads\/2020\/02\/LogoINCAMP-600x436.png 600w\" alt=\"\" width=\"267\" height=\"194\" \/><\/a>O <strong>projeto INCAMP<\/strong> \u00e9 um projeto financiado pelo programa Erasmus+ da Uni\u00e3o Europeia e foi projetado com o objetivo de apoiar o desenvolvimento e a implementa\u00e7\u00e3o de pr\u00e1ticas inovadoras e um percurso de forma\u00e7\u00e3o novo para a <strong>Gest\u00e3o de Marinas Neutras em Carbono<\/strong>.<\/p><p>O <strong>INCAMP<\/strong> foi criado para promover a antecipa\u00e7\u00e3o das necessidades futuras de habilita\u00e7\u00f5es profissionais e para aperfei\u00e7oar as oportunidades de coopera\u00e7\u00e3o entre educa\u00e7\u00e3o superior, forma\u00e7\u00e3o profissional e ind\u00fastria, proporcionando oportunidades de coopera\u00e7\u00e3o entre os \u201cstakeholders\u201d bem como a troca e transfer\u00eancia de conhecimentos, aumentando as compet\u00eancias.<\/p><p>P\u00e1gina do Projeto: <a href=\"https:\/\/www.incamp-project.eu\/\" target=\"_blank\" rel=\"noopener\">https:\/\/www.incamp-project.eu\/<\/a><\/p>\t\t\t\t\t<\/div>\n\t\t\t\t\t\t<\/div>\n\t\t\t\t<\/div>\n\t\t\t\t\t\t<\/div>\n\t\t\t\t\t<\/div>\n\t\t<\/div>\n\t\t\t\t\t\t\t\t<\/div>\n\t\t\t\t\t<\/div>\n\t\t<\/section>\n\t\t\t\t\t\t\t\t\t<\/div>\n\t\t\t<\/div>\n\t\t\t\t\t<\/div>\n\t\t","protected":false},"excerpt":{"rendered":"<p>Programa Erasmus+ O Erasmus+ \u00e9 o programa da UE nos dom\u00ednios da educa\u00e7\u00e3o, da forma\u00e7\u00e3o,&hellip;<\/p>\n","protected":false},"author":1,"featured_media":0,"parent":0,"menu_order":0,"comment_status":"closed","ping_status":"closed","template":"","meta":{"footnotes":""},"class_list":["post-5281","page","type-page","status-publish","hentry"],"yoast_head":"<!-- This site is optimized with the Yoast SEO plugin v27.0 - https:\/\/yoast.com\/product\/yoast-seo-wordpress\/ -->\n<title>Projeto INCAMP - Marina do Funchal<\/title>\n<meta name=\"robots\" content=\"index, follow, max-snippet:-1, max-image-preview:large, max-video-preview:-1\" \/>\n<link rel=\"canonical\" href=\"https:\/\/www.marinadofunchal.pt\/islandmadeira\/incamp\/\" \/>\n<meta property=\"og:locale\" content=\"pt_PT\" \/>\n<meta property=\"og:type\" content=\"article\" \/>\n<meta property=\"og:title\" content=\"Projeto INCAMP - Marina do Funchal\" \/>\n<meta property=\"og:description\" content=\"Programa Erasmus+ O Erasmus+ \u00e9 o programa da UE nos dom\u00ednios da educa\u00e7\u00e3o, da forma\u00e7\u00e3o,&hellip;\" \/>\n<meta property=\"og:url\" content=\"https:\/\/www.marinadofunchal.pt\/islandmadeira\/incamp\/\" \/>\n<meta property=\"og:site_name\" content=\"Marina do Funchal\" \/>\n<meta property=\"article:modified_time\" content=\"2022-05-24T19:42:30+00:00\" \/>\n<meta property=\"og:image\" content=\"https:\/\/www.marinadofunchal.pt\/islandmadeira\/islandmadeirawp-content\/uploads\/2020\/02\/LogoERASMUS.png\" \/>\n<meta name=\"twitter:card\" content=\"summary_large_image\" \/>\n<meta name=\"twitter:label1\" content=\"Tempo estimado de leitura\" \/>\n\t<meta name=\"twitter:data1\" content=\"2 minutos\" \/>\n<script type=\"application\/ld+json\" class=\"yoast-schema-graph\">{\"@context\":\"https:\/\/schema.org\",\"@graph\":[{\"@type\":\"WebPage\",\"@id\":\"https:\/\/www.marinadofunchal.pt\/islandmadeira\/incamp\/\",\"url\":\"https:\/\/www.marinadofunchal.pt\/islandmadeira\/incamp\/\",\"name\":\"Projeto INCAMP - Marina do Funchal\",\"isPartOf\":{\"@id\":\"https:\/\/www.marinadofunchal.pt\/islandmadeira\/#website\"},\"primaryImageOfPage\":{\"@id\":\"https:\/\/www.marinadofunchal.pt\/islandmadeira\/incamp\/#primaryimage\"},\"image\":{\"@id\":\"https:\/\/www.marinadofunchal.pt\/islandmadeira\/incamp\/#primaryimage\"},\"thumbnailUrl\":\"https:\/\/www.marinadofunchal.pt\/islandmadeira\/islandmadeirawp-content\/uploads\/2020\/02\/LogoERASMUS.png\",\"datePublished\":\"2020-02-11T09:25:08+00:00\",\"dateModified\":\"2022-05-24T19:42:30+00:00\",\"breadcrumb\":{\"@id\":\"https:\/\/www.marinadofunchal.pt\/islandmadeira\/incamp\/#breadcrumb\"},\"inLanguage\":\"pt-PT\",\"potentialAction\":[{\"@type\":\"ReadAction\",\"target\":[\"https:\/\/www.marinadofunchal.pt\/islandmadeira\/incamp\/\"]}]},{\"@type\":\"ImageObject\",\"inLanguage\":\"pt-PT\",\"@id\":\"https:\/\/www.marinadofunchal.pt\/islandmadeira\/incamp\/#primaryimage\",\"url\":\"https:\/\/www.marinadofunchal.pt\/islandmadeira\/islandmadeirawp-content\/uploads\/2020\/02\/LogoERASMUS.png\",\"contentUrl\":\"https:\/\/www.marinadofunchal.pt\/islandmadeira\/islandmadeirawp-content\/uploads\/2020\/02\/LogoERASMUS.png\"},{\"@type\":\"BreadcrumbList\",\"@id\":\"https:\/\/www.marinadofunchal.pt\/islandmadeira\/incamp\/#breadcrumb\",\"itemListElement\":[{\"@type\":\"ListItem\",\"position\":1,\"name\":\"In\u00edcio\",\"item\":\"https:\/\/www.marinadofunchal.pt\/islandmadeira\/\"},{\"@type\":\"ListItem\",\"position\":2,\"name\":\"Projeto INCAMP\"}]},{\"@type\":\"WebSite\",\"@id\":\"https:\/\/www.marinadofunchal.pt\/islandmadeira\/#website\",\"url\":\"https:\/\/www.marinadofunchal.pt\/islandmadeira\/\",\"name\":\"Marina do Funchal\",\"description\":\"Ilha da Madeira\",\"publisher\":{\"@id\":\"https:\/\/www.marinadofunchal.pt\/islandmadeira\/#organization\"},\"potentialAction\":[{\"@type\":\"SearchAction\",\"target\":{\"@type\":\"EntryPoint\",\"urlTemplate\":\"https:\/\/www.marinadofunchal.pt\/islandmadeira\/?s={search_term_string}\"},\"query-input\":{\"@type\":\"PropertyValueSpecification\",\"valueRequired\":true,\"valueName\":\"search_term_string\"}}],\"inLanguage\":\"pt-PT\"},{\"@type\":\"Organization\",\"@id\":\"https:\/\/www.marinadofunchal.pt\/islandmadeira\/#organization\",\"name\":\"Marina do Funchal\",\"url\":\"https:\/\/www.marinadofunchal.pt\/islandmadeira\/\",\"logo\":{\"@type\":\"ImageObject\",\"inLanguage\":\"pt-PT\",\"@id\":\"https:\/\/www.marinadofunchal.pt\/islandmadeira\/#\/schema\/logo\/image\/\",\"url\":\"https:\/\/www.marinadofunchal.pt\/islandmadeira\/wp-content\/uploads\/2022\/05\/logo.jpeg\",\"contentUrl\":\"https:\/\/www.marinadofunchal.pt\/islandmadeira\/wp-content\/uploads\/2022\/05\/logo.jpeg\",\"width\":200,\"height\":268,\"caption\":\"Marina do Funchal\"},\"image\":{\"@id\":\"https:\/\/www.marinadofunchal.pt\/islandmadeira\/#\/schema\/logo\/image\/\"}}]}<\/script>\n<!-- \/ Yoast SEO plugin. -->","yoast_head_json":{"title":"Projeto INCAMP - Marina do Funchal","robots":{"index":"index","follow":"follow","max-snippet":"max-snippet:-1","max-image-preview":"max-image-preview:large","max-video-preview":"max-video-preview:-1"},"canonical":"https:\/\/www.marinadofunchal.pt\/islandmadeira\/incamp\/","og_locale":"pt_PT","og_type":"article","og_title":"Projeto INCAMP - Marina do Funchal","og_description":"Programa Erasmus+ O Erasmus+ \u00e9 o programa da UE nos dom\u00ednios da educa\u00e7\u00e3o, da forma\u00e7\u00e3o,&hellip;","og_url":"https:\/\/www.marinadofunchal.pt\/islandmadeira\/incamp\/","og_site_name":"Marina do Funchal","article_modified_time":"2022-05-24T19:42:30+00:00","og_image":[{"url":"https:\/\/www.marinadofunchal.pt\/islandmadeira\/islandmadeirawp-content\/uploads\/2020\/02\/LogoERASMUS.png","type":"","width":"","height":""}],"twitter_card":"summary_large_image","twitter_misc":{"Tempo estimado de leitura":"2 minutos"},"schema":{"@context":"https:\/\/schema.org","@graph":[{"@type":"WebPage","@id":"https:\/\/www.marinadofunchal.pt\/islandmadeira\/incamp\/","url":"https:\/\/www.marinadofunchal.pt\/islandmadeira\/incamp\/","name":"Projeto INCAMP - Marina do Funchal","isPartOf":{"@id":"https:\/\/www.marinadofunchal.pt\/islandmadeira\/#website"},"primaryImageOfPage":{"@id":"https:\/\/www.marinadofunchal.pt\/islandmadeira\/incamp\/#primaryimage"},"image":{"@id":"https:\/\/www.marinadofunchal.pt\/islandmadeira\/incamp\/#primaryimage"},"thumbnailUrl":"https:\/\/www.marinadofunchal.pt\/islandmadeira\/islandmadeirawp-content\/uploads\/2020\/02\/LogoERASMUS.png","datePublished":"2020-02-11T09:25:08+00:00","dateModified":"2022-05-24T19:42:30+00:00","breadcrumb":{"@id":"https:\/\/www.marinadofunchal.pt\/islandmadeira\/incamp\/#breadcrumb"},"inLanguage":"pt-PT","potentialAction":[{"@type":"ReadAction","target":["https:\/\/www.marinadofunchal.pt\/islandmadeira\/incamp\/"]}]},{"@type":"ImageObject","inLanguage":"pt-PT","@id":"https:\/\/www.marinadofunchal.pt\/islandmadeira\/incamp\/#primaryimage","url":"https:\/\/www.marinadofunchal.pt\/islandmadeira\/islandmadeirawp-content\/uploads\/2020\/02\/LogoERASMUS.png","contentUrl":"https:\/\/www.marinadofunchal.pt\/islandmadeira\/islandmadeirawp-content\/uploads\/2020\/02\/LogoERASMUS.png"},{"@type":"BreadcrumbList","@id":"https:\/\/www.marinadofunchal.pt\/islandmadeira\/incamp\/#breadcrumb","itemListElement":[{"@type":"ListItem","position":1,"name":"In\u00edcio","item":"https:\/\/www.marinadofunchal.pt\/islandmadeira\/"},{"@type":"ListItem","position":2,"name":"Projeto INCAMP"}]},{"@type":"WebSite","@id":"https:\/\/www.marinadofunchal.pt\/islandmadeira\/#website","url":"https:\/\/www.marinadofunchal.pt\/islandmadeira\/","name":"Marina do Funchal","description":"Ilha da Madeira","publisher":{"@id":"https:\/\/www.marinadofunchal.pt\/islandmadeira\/#organization"},"potentialAction":[{"@type":"SearchAction","target":{"@type":"EntryPoint","urlTemplate":"https:\/\/www.marinadofunchal.pt\/islandmadeira\/?s={search_term_string}"},"query-input":{"@type":"PropertyValueSpecification","valueRequired":true,"valueName":"search_term_string"}}],"inLanguage":"pt-PT"},{"@type":"Organization","@id":"https:\/\/www.marinadofunchal.pt\/islandmadeira\/#organization","name":"Marina do Funchal","url":"https:\/\/www.marinadofunchal.pt\/islandmadeira\/","logo":{"@type":"ImageObject","inLanguage":"pt-PT","@id":"https:\/\/www.marinadofunchal.pt\/islandmadeira\/#\/schema\/logo\/image\/","url":"https:\/\/www.marinadofunchal.pt\/islandmadeira\/wp-content\/uploads\/2022\/05\/logo.jpeg","contentUrl":"https:\/\/www.marinadofunchal.pt\/islandmadeira\/wp-content\/uploads\/2022\/05\/logo.jpeg","width":200,"height":268,"caption":"Marina do Funchal"},"image":{"@id":"https:\/\/www.marinadofunchal.pt\/islandmadeira\/#\/schema\/logo\/image\/"}}]}},"_links":{"self":[{"href":"https:\/\/www.marinadofunchal.pt\/islandmadeira\/wp-json\/wp\/v2\/pages\/5281","targetHints":{"allow":["GET"]}}],"collection":[{"href":"https:\/\/www.marinadofunchal.pt\/islandmadeira\/wp-json\/wp\/v2\/pages"}],"about":[{"href":"https:\/\/www.marinadofunchal.pt\/islandmadeira\/wp-json\/wp\/v2\/types\/page"}],"author":[{"embeddable":true,"href":"https:\/\/www.marinadofunchal.pt\/islandmadeira\/wp-json\/wp\/v2\/users\/1"}],"replies":[{"embeddable":true,"href":"https:\/\/www.marinadofunchal.pt\/islandmadeira\/wp-json\/wp\/v2\/comments?post=5281"}],"version-history":[{"count":4,"href":"https:\/\/www.marinadofunchal.pt\/islandmadeira\/wp-json\/wp\/v2\/pages\/5281\/revisions"}],"predecessor-version":[{"id":18373,"href":"https:\/\/www.marinadofunchal.pt\/islandmadeira\/wp-json\/wp\/v2\/pages\/5281\/revisions\/18373"}],"wp:attachment":[{"href":"https:\/\/www.marinadofunchal.pt\/islandmadeira\/wp-json\/wp\/v2\/media?parent=5281"}],"curies":[{"name":"wp","href":"https:\/\/api.w.org\/{rel}","templated":true}]}}