{"id":24198,"date":"2025-11-21T12:00:01","date_gmt":"2025-11-21T11:00:01","guid":{"rendered":"https:\/\/www.marinadofunchal.pt\/islandmadeira\/?page_id=24198"},"modified":"2025-11-21T19:13:30","modified_gmt":"2025-11-21T18:13:30","slug":"publicitacao-tarifario","status":"publish","type":"page","link":"https:\/\/www.marinadofunchal.pt\/islandmadeira\/publicitacao-tarifario\/","title":{"rendered":"Publicita\u00e7\u00e3o Tarif\u00e1rio"},"content":{"rendered":"\t\t<div data-elementor-type=\"wp-page\" data-elementor-id=\"24198\" class=\"elementor elementor-24198\">\n\t\t\t\t\t\t<div class=\"elementor-inner\">\n\t\t\t\t<div class=\"elementor-section-wrap\">\n\t\t\t\t\t\t\t\t\t<section class=\"elementor-section elementor-top-section elementor-element elementor-element-70b5d5a9 elementor-section-boxed elementor-section-height-default elementor-section-height-default sc_fly_static\" data-id=\"70b5d5a9\" data-element_type=\"section\">\n\t\t\t\t\t\t<div class=\"elementor-container elementor-column-gap-extended\">\n\t\t\t\t\t\t\t<div class=\"elementor-row\">\n\t\t\t\t\t<div class=\"elementor-column elementor-col-100 elementor-top-column elementor-element elementor-element-6870109b sc_inner_width_none sc_content_align_inherit sc_layouts_column_icons_position_left sc_fly_static\" data-id=\"6870109b\" data-element_type=\"column\">\n\t\t\t<div class=\"elementor-column-wrap elementor-element-populated\">\n\t\t\t\t\t\t\t<div class=\"elementor-widget-wrap\">\n\t\t\t\t\t\t<div class=\"elementor-element elementor-element-306a676c sc_fly_static elementor-widget elementor-widget-text-editor\" data-id=\"306a676c\" data-element_type=\"widget\" data-widget_type=\"text-editor.default\">\n\t\t\t\t<div class=\"elementor-widget-container\">\n\t\t\t\t\t\t\t\t<div class=\"elementor-text-editor elementor-clearfix\">\n\t\t\t\t<h5 style=\"text-align: center;\"><strong>CONSULTA P\u00daBLICA<\/strong><br \/><strong>Regulamento Tarif\u00e1rio da Marina do Funchal<\/strong><\/h5><p><strong><br \/>Nos termos do disposto no artigo 101\u00ba do C\u00f3digo do Procedimento Administrativo (CPA) e atento o facto de desconhecer-se o n\u00famero de <\/strong><strong>interessados, torna-se p\u00fablico o projeto de Regulamento de Tarif\u00e1rio da Marina do Funchal, que se sujeita a consulta p\u00fablica.<\/strong><\/p><p><strong>1. Objeto do Procedimento<br \/><\/strong>O presente procedimento tem por objeto a publicita\u00e7\u00e3o da <strong>proposta de Regulamento Tarif\u00e1rio da Marina do Funchal<\/strong> que mereceu a concord\u00e2ncia da entidade concedente (APRAM \u2013 ADMINISTRA\u00c7\u00c3O DE PORTOS DA REGI\u00c3O AUT\u00d3NOMA DA MADEIRA, S.A.) para CONSULTA P\u00daBLICA, tendo por objetivo a sua aplica\u00e7\u00e3o aos Utentes da Marina do Funchal tr\u00eas meses ap\u00f3s a data desta publicita\u00e7\u00e3o.<\/p><p><strong>2. Enquadramento Legal e Contratual<br \/><\/strong>O procedimento \u00e9 realizado ao abrigo dos artigos 97.\u00ba a 101.\u00ba do C\u00f3digo do Procedimento Administrativo (CPA)e do Caderno de Encargos do Concurso P\u00fablico internacional n.\u00ba 1\/2024, da APRAM,S.A..<\/p><p><strong>3. Objeto da Publicita\u00e7\u00e3o<br \/><\/strong>\u00c9 disponibilizado para consulta p\u00fablica o seguinte documento:<br \/><strong>\u00a0&#8211; <a href=\"https:\/\/www.marinadofunchal.pt\/islandmadeira\/wp-content\/uploads\/2025\/11\/Projeto-de-Regulamento-Tarifario-da-Marina-do-Funchal.pdf\" target=\"_blank\" rel=\"noopener\">Projeto de Regulamento Tarif\u00e1rio da Marina do Funchal<\/a><\/strong><\/p><p>O documento supra encontra-se dispon\u00edvel:<br \/>\u00a0&#8211; Na p\u00e1gina oficial da Sociedade <strong>Marina da Ba\u00eda do Funchal, SA<\/strong> \u00a0(sec\u00e7\u00e3o &#8220;Regulamentos \/ Proposta Regulamento Tarif\u00e1rio&#8221;);<br \/>\u00a0&#8211; Nas instala\u00e7\u00f5es administrativas da Concession\u00e1ria, em hor\u00e1rio de expediente.<\/p><p><strong>4. Participa\u00e7\u00e3o dos Interessados<br \/><\/strong>Ao abrigo do <strong>artigo 100.\u00ba do CPA<\/strong>, os Utentes da Marina e demais interessados podem, querendo, apresentar <strong>pron\u00fancias, observa\u00e7\u00f5es ou sugest\u00f5es<\/strong> sobre o projeto de Regulamento de Tarifas.<\/p><p><strong>5. Prazo para participa\u00e7\u00e3o<br \/><\/strong>O prazo para apresenta\u00e7\u00e3o de contributos \u00e9 de <strong>30 dias \u00fateis<\/strong>, contados da data da presente publicita\u00e7\u00e3o.<\/p><p><strong>6. Forma de apresenta\u00e7\u00e3o<br \/><\/strong>As pron\u00fancias devem ser enviadas por escrito para:<br \/><strong>\u00a0&#8211; Correio eletr\u00f3nico:<\/strong> <a href=\"mailto:marina@marinadofunchal.pt\">marina@marinadofunchal.pt<\/a><br \/><strong>\u00a0&#8211; Entrega presencial:<\/strong> Balc\u00e3o de atendimento da Marina da Ba\u00eda do Funchal, S.A..<\/p><p><strong>7. Respons\u00e1vel pelo Procedimento<br \/><\/strong>O presente procedimento \u00e9 conduzido pela <strong>Concession\u00e1ria<\/strong>, Sociedade <strong>Marina da Ba\u00eda do Funchal, SA.<\/strong><\/p><p><strong>8. Informa\u00e7\u00f5es Adicionais<br \/><\/strong>Para esclarecimentos ou informa\u00e7\u00f5es complementares, os interessados podem contactar:<br \/><strong>\u00a0&#8211; Email:<\/strong> <a href=\"mailto:direcao@marinadofunchal.pt\">direcao@marinadofunchal.pt<\/a><br \/><strong>\u00a0&#8211; Telefone:<\/strong> (+351) 91 2304508; (+351) 291 232717<br \/><strong>\u00a0&#8211; Balc\u00e3o de Atendimento:<\/strong>\u00a0Marina do Funchal, 9000-055 Funchal<\/p><p><strong>Funchal, 21 de Novembro de 2025<br \/><\/strong><strong>A Concession\u00e1ria da Marina da Ba\u00eda do Funchal, S. A..<\/strong><\/p><p>\u00a0<\/p>\t\t\t\t\t<\/div>\n\t\t\t\t\t\t<\/div>\n\t\t\t\t<\/div>\n\t\t\t\t<div class=\"elementor-element elementor-element-71662b0a elementor-align-left sc_fly_static elementor-widget elementor-widget-button\" data-id=\"71662b0a\" data-element_type=\"widget\" data-widget_type=\"button.default\">\n\t\t\t\t<div class=\"elementor-widget-container\">\n\t\t\t\t\t<div class=\"elementor-button-wrapper\">\n\t\t\t<a href=\"https:\/\/www.marinadofunchal.pt\/islandmadeira\/wp-content\/uploads\/2025\/11\/Projeto-de-Regulamento-Tarifario-da-Marina-do-Funchal.pdf\" target=\"_blank\" class=\"elementor-button-link elementor-button elementor-size-md\" role=\"button\">\n\t\t\t\t\t\t<span class=\"elementor-button-content-wrapper\">\n\t\t\t\t\t\t\t<span class=\"elementor-button-icon elementor-align-icon-left\">\n\t\t\t\t<i aria-hidden=\"true\" class=\"far fa-file-pdf\"><\/i>\t\t\t<\/span>\n\t\t\t\t\t\t<span class=\"elementor-button-text\">Projeto de Regulamento Tarif\u00e1rio da Marina do Funchal<\/span>\n\t\t<\/span>\n\t\t\t\t\t<\/a>\n\t\t<\/div>\n\t\t\t\t<\/div>\n\t\t\t\t<\/div>\n\t\t\t\t\t\t<\/div>\n\t\t\t\t\t<\/div>\n\t\t<\/div>\n\t\t\t\t\t\t\t\t<\/div>\n\t\t\t\t\t<\/div>\n\t\t<\/section>\n\t\t\t\t\t\t\t\t\t<\/div>\n\t\t\t<\/div>\n\t\t\t\t\t<\/div>\n\t\t","protected":false},"excerpt":{"rendered":"<p>CONSULTA P\u00daBLICA Regulamento Tarif\u00e1rio da Marina do Funchal Nos termos do disposto no artigo 101\u00ba&hellip;<\/p>\n","protected":false},"author":1,"featured_media":0,"parent":0,"menu_order":0,"comment_status":"closed","ping_status":"closed","template":"","meta":{"footnotes":""},"class_list":["post-24198","page","type-page","status-publish","hentry"],"yoast_head":"<!-- This site is optimized with the Yoast SEO plugin v27.0 - https:\/\/yoast.com\/product\/yoast-seo-wordpress\/ -->\n<title>Publicita\u00e7\u00e3o Tarif\u00e1rio - Marina do Funchal<\/title>\n<meta name=\"robots\" content=\"index, follow, max-snippet:-1, max-image-preview:large, max-video-preview:-1\" \/>\n<link rel=\"canonical\" href=\"https:\/\/www.marinadofunchal.pt\/islandmadeira\/publicitacao-tarifario\/\" \/>\n<meta property=\"og:locale\" content=\"pt_PT\" \/>\n<meta property=\"og:type\" content=\"article\" \/>\n<meta property=\"og:title\" content=\"Publicita\u00e7\u00e3o Tarif\u00e1rio - Marina do Funchal\" \/>\n<meta property=\"og:description\" content=\"CONSULTA P\u00daBLICA Regulamento Tarif\u00e1rio da Marina do Funchal Nos termos do disposto no artigo 101\u00ba&hellip;\" \/>\n<meta property=\"og:url\" content=\"https:\/\/www.marinadofunchal.pt\/islandmadeira\/publicitacao-tarifario\/\" \/>\n<meta property=\"og:site_name\" content=\"Marina do Funchal\" \/>\n<meta property=\"article:modified_time\" content=\"2025-11-21T18:13:30+00:00\" \/>\n<meta name=\"twitter:card\" content=\"summary_large_image\" \/>\n<meta name=\"twitter:label1\" content=\"Tempo estimado de leitura\" \/>\n\t<meta name=\"twitter:data1\" content=\"2 minutos\" \/>\n<script type=\"application\/ld+json\" class=\"yoast-schema-graph\">{\"@context\":\"https:\/\/schema.org\",\"@graph\":[{\"@type\":\"WebPage\",\"@id\":\"https:\/\/www.marinadofunchal.pt\/islandmadeira\/publicitacao-tarifario\/\",\"url\":\"https:\/\/www.marinadofunchal.pt\/islandmadeira\/publicitacao-tarifario\/\",\"name\":\"Publicita\u00e7\u00e3o Tarif\u00e1rio - Marina do Funchal\",\"isPartOf\":{\"@id\":\"https:\/\/www.marinadofunchal.pt\/islandmadeira\/#website\"},\"datePublished\":\"2025-11-21T11:00:01+00:00\",\"dateModified\":\"2025-11-21T18:13:30+00:00\",\"breadcrumb\":{\"@id\":\"https:\/\/www.marinadofunchal.pt\/islandmadeira\/publicitacao-tarifario\/#breadcrumb\"},\"inLanguage\":\"pt-PT\",\"potentialAction\":[{\"@type\":\"ReadAction\",\"target\":[\"https:\/\/www.marinadofunchal.pt\/islandmadeira\/publicitacao-tarifario\/\"]}]},{\"@type\":\"BreadcrumbList\",\"@id\":\"https:\/\/www.marinadofunchal.pt\/islandmadeira\/publicitacao-tarifario\/#breadcrumb\",\"itemListElement\":[{\"@type\":\"ListItem\",\"position\":1,\"name\":\"In\u00edcio\",\"item\":\"https:\/\/www.marinadofunchal.pt\/islandmadeira\/\"},{\"@type\":\"ListItem\",\"position\":2,\"name\":\"Publicita\u00e7\u00e3o Tarif\u00e1rio\"}]},{\"@type\":\"WebSite\",\"@id\":\"https:\/\/www.marinadofunchal.pt\/islandmadeira\/#website\",\"url\":\"https:\/\/www.marinadofunchal.pt\/islandmadeira\/\",\"name\":\"Marina do Funchal\",\"description\":\"Ilha da Madeira\",\"publisher\":{\"@id\":\"https:\/\/www.marinadofunchal.pt\/islandmadeira\/#organization\"},\"potentialAction\":[{\"@type\":\"SearchAction\",\"target\":{\"@type\":\"EntryPoint\",\"urlTemplate\":\"https:\/\/www.marinadofunchal.pt\/islandmadeira\/?s={search_term_string}\"},\"query-input\":{\"@type\":\"PropertyValueSpecification\",\"valueRequired\":true,\"valueName\":\"search_term_string\"}}],\"inLanguage\":\"pt-PT\"},{\"@type\":\"Organization\",\"@id\":\"https:\/\/www.marinadofunchal.pt\/islandmadeira\/#organization\",\"name\":\"Marina do Funchal\",\"url\":\"https:\/\/www.marinadofunchal.pt\/islandmadeira\/\",\"logo\":{\"@type\":\"ImageObject\",\"inLanguage\":\"pt-PT\",\"@id\":\"https:\/\/www.marinadofunchal.pt\/islandmadeira\/#\/schema\/logo\/image\/\",\"url\":\"https:\/\/www.marinadofunchal.pt\/islandmadeira\/wp-content\/uploads\/2022\/05\/logo.jpeg\",\"contentUrl\":\"https:\/\/www.marinadofunchal.pt\/islandmadeira\/wp-content\/uploads\/2022\/05\/logo.jpeg\",\"width\":200,\"height\":268,\"caption\":\"Marina do Funchal\"},\"image\":{\"@id\":\"https:\/\/www.marinadofunchal.pt\/islandmadeira\/#\/schema\/logo\/image\/\"}}]}<\/script>\n<!-- \/ Yoast SEO plugin. -->","yoast_head_json":{"title":"Publicita\u00e7\u00e3o Tarif\u00e1rio - Marina do Funchal","robots":{"index":"index","follow":"follow","max-snippet":"max-snippet:-1","max-image-preview":"max-image-preview:large","max-video-preview":"max-video-preview:-1"},"canonical":"https:\/\/www.marinadofunchal.pt\/islandmadeira\/publicitacao-tarifario\/","og_locale":"pt_PT","og_type":"article","og_title":"Publicita\u00e7\u00e3o Tarif\u00e1rio - Marina do Funchal","og_description":"CONSULTA P\u00daBLICA Regulamento Tarif\u00e1rio da Marina do Funchal Nos termos do disposto no artigo 101\u00ba&hellip;","og_url":"https:\/\/www.marinadofunchal.pt\/islandmadeira\/publicitacao-tarifario\/","og_site_name":"Marina do Funchal","article_modified_time":"2025-11-21T18:13:30+00:00","twitter_card":"summary_large_image","twitter_misc":{"Tempo estimado de leitura":"2 minutos"},"schema":{"@context":"https:\/\/schema.org","@graph":[{"@type":"WebPage","@id":"https:\/\/www.marinadofunchal.pt\/islandmadeira\/publicitacao-tarifario\/","url":"https:\/\/www.marinadofunchal.pt\/islandmadeira\/publicitacao-tarifario\/","name":"Publicita\u00e7\u00e3o Tarif\u00e1rio - Marina do Funchal","isPartOf":{"@id":"https:\/\/www.marinadofunchal.pt\/islandmadeira\/#website"},"datePublished":"2025-11-21T11:00:01+00:00","dateModified":"2025-11-21T18:13:30+00:00","breadcrumb":{"@id":"https:\/\/www.marinadofunchal.pt\/islandmadeira\/publicitacao-tarifario\/#breadcrumb"},"inLanguage":"pt-PT","potentialAction":[{"@type":"ReadAction","target":["https:\/\/www.marinadofunchal.pt\/islandmadeira\/publicitacao-tarifario\/"]}]},{"@type":"BreadcrumbList","@id":"https:\/\/www.marinadofunchal.pt\/islandmadeira\/publicitacao-tarifario\/#breadcrumb","itemListElement":[{"@type":"ListItem","position":1,"name":"In\u00edcio","item":"https:\/\/www.marinadofunchal.pt\/islandmadeira\/"},{"@type":"ListItem","position":2,"name":"Publicita\u00e7\u00e3o Tarif\u00e1rio"}]},{"@type":"WebSite","@id":"https:\/\/www.marinadofunchal.pt\/islandmadeira\/#website","url":"https:\/\/www.marinadofunchal.pt\/islandmadeira\/","name":"Marina do Funchal","description":"Ilha da Madeira","publisher":{"@id":"https:\/\/www.marinadofunchal.pt\/islandmadeira\/#organization"},"potentialAction":[{"@type":"SearchAction","target":{"@type":"EntryPoint","urlTemplate":"https:\/\/www.marinadofunchal.pt\/islandmadeira\/?s={search_term_string}"},"query-input":{"@type":"PropertyValueSpecification","valueRequired":true,"valueName":"search_term_string"}}],"inLanguage":"pt-PT"},{"@type":"Organization","@id":"https:\/\/www.marinadofunchal.pt\/islandmadeira\/#organization","name":"Marina do Funchal","url":"https:\/\/www.marinadofunchal.pt\/islandmadeira\/","logo":{"@type":"ImageObject","inLanguage":"pt-PT","@id":"https:\/\/www.marinadofunchal.pt\/islandmadeira\/#\/schema\/logo\/image\/","url":"https:\/\/www.marinadofunchal.pt\/islandmadeira\/wp-content\/uploads\/2022\/05\/logo.jpeg","contentUrl":"https:\/\/www.marinadofunchal.pt\/islandmadeira\/wp-content\/uploads\/2022\/05\/logo.jpeg","width":200,"height":268,"caption":"Marina do Funchal"},"image":{"@id":"https:\/\/www.marinadofunchal.pt\/islandmadeira\/#\/schema\/logo\/image\/"}}]}},"_links":{"self":[{"href":"https:\/\/www.marinadofunchal.pt\/islandmadeira\/wp-json\/wp\/v2\/pages\/24198","targetHints":{"allow":["GET"]}}],"collection":[{"href":"https:\/\/www.marinadofunchal.pt\/islandmadeira\/wp-json\/wp\/v2\/pages"}],"about":[{"href":"https:\/\/www.marinadofunchal.pt\/islandmadeira\/wp-json\/wp\/v2\/types\/page"}],"author":[{"embeddable":true,"href":"https:\/\/www.marinadofunchal.pt\/islandmadeira\/wp-json\/wp\/v2\/users\/1"}],"replies":[{"embeddable":true,"href":"https:\/\/www.marinadofunchal.pt\/islandmadeira\/wp-json\/wp\/v2\/comments?post=24198"}],"version-history":[{"count":85,"href":"https:\/\/www.marinadofunchal.pt\/islandmadeira\/wp-json\/wp\/v2\/pages\/24198\/revisions"}],"predecessor-version":[{"id":24332,"href":"https:\/\/www.marinadofunchal.pt\/islandmadeira\/wp-json\/wp\/v2\/pages\/24198\/revisions\/24332"}],"wp:attachment":[{"href":"https:\/\/www.marinadofunchal.pt\/islandmadeira\/wp-json\/wp\/v2\/media?parent=24198"}],"curies":[{"name":"wp","href":"https:\/\/api.w.org\/{rel}","templated":true}]}}